{"id":1556,"date":"2019-05-04T17:28:51","date_gmt":"2019-05-04T15:28:51","guid":{"rendered":"https:\/\/ecolefermedesbois.ch\/?page_id=1556"},"modified":"2023-08-19T14:27:15","modified_gmt":"2023-08-19T12:27:15","slug":"contact","status":"publish","type":"page","link":"https:\/\/ecolefermedesbois.ch\/?page_id=1556","title":{"rendered":"Contact"},"content":{"rendered":"\t\t<div data-elementor-type=\"wp-post\" data-elementor-id=\"1556\" class=\"elementor elementor-1556\">\n\t\t\t\t\t\t<section class=\"elementor-section elementor-top-section elementor-element elementor-element-5aa9702 elementor-section-full_width elementor-section-height-default elementor-section-height-default\" data-id=\"5aa9702\" data-element_type=\"section\" data-e-type=\"section\">\n\t\t\t\t\t\t<div class=\"elementor-container elementor-column-gap-default\">\n\t\t\t\t\t<div class=\"elementor-column elementor-col-66 elementor-top-column elementor-element elementor-element-81ad0dc\" data-id=\"81ad0dc\" data-element_type=\"column\" data-e-type=\"column\">\n\t\t\t<div class=\"elementor-widget-wrap elementor-element-populated\">\n\t\t\t\t\t\t<div class=\"elementor-element elementor-element-f4339d0 elementor-widget elementor-widget-heading\" data-id=\"f4339d0\" data-element_type=\"widget\" data-e-type=\"widget\" data-widget_type=\"heading.default\">\n\t\t\t\t<div class=\"elementor-widget-container\">\n\t\t\t\t\t<h3 class=\"elementor-heading-title elementor-size-default\">Horaire &amp; Informations<\/h3>\t\t\t\t<\/div>\n\t\t\t\t<\/div>\n\t\t\t\t<div class=\"elementor-element elementor-element-2a6fa24 elementor-widget elementor-widget-text-editor\" data-id=\"2a6fa24\" data-element_type=\"widget\" data-e-type=\"widget\" data-widget_type=\"text-editor.default\">\n\t\t\t\t<div class=\"elementor-widget-container\">\n\t\t\t\t\t\t\t\t\t<p>Ecole \u00e0 la ferme des Bois<strong><br \/><\/strong>Sophie Boudry<\/p><p><b>T\u00e9l\u00e9phone<br \/><\/b>8h30-10h30 et 14h-17h30, svp<br \/><a href=\"tel:+41796901668\">+41 79 690 16 68<\/a><\/p><p>Messagerie<b><br \/><\/b><a href=\"mailto:info@ecolefermedesbois.ch?subject=Ecole%20\u00e0%20la%20Ferme\">info@ecolefermedesbois.ch<\/a><\/p>\t\t\t\t\t\t\t\t<\/div>\n\t\t\t\t<\/div>\n\t\t\t\t\t<\/div>\n\t\t<\/div>\n\t\t\t\t<div class=\"elementor-column elementor-col-33 elementor-top-column elementor-element elementor-element-c01c65f\" data-id=\"c01c65f\" data-element_type=\"column\" data-e-type=\"column\">\n\t\t\t<div class=\"elementor-widget-wrap elementor-element-populated\">\n\t\t\t\t\t\t<div class=\"elementor-element elementor-element-7be8efe elementor-widget elementor-widget-image\" data-id=\"7be8efe\" data-element_type=\"widget\" data-e-type=\"widget\" data-widget_type=\"image.default\">\n\t\t\t\t<div class=\"elementor-widget-container\">\n\t\t\t\t\t\t\t\t\t\t\t\t\t\t\t<img data-recalc-dims=\"1\" decoding=\"async\" src=\"https:\/\/i0.wp.com\/ecolefermedesbois.ch\/wp-content\/uploads\/2019\/04\/43250748_1817188191728615_3545422423979458560_o_1817188185061949.jpg?w=720&#038;ssl=1\" title=\"43250748_1817188191728615_3545422423979458560_o_1817188185061949\" alt=\"43250748_1817188191728615_3545422423979458560_o_1817188185061949\" loading=\"lazy\" \/>\t\t\t\t\t\t\t\t\t\t\t\t\t\t\t<\/div>\n\t\t\t\t<\/div>\n\t\t\t\t\t<\/div>\n\t\t<\/div>\n\t\t\t\t\t<\/div>\n\t\t<\/section>\n\t\t\t\t<section class=\"elementor-section elementor-top-section elementor-element elementor-element-28bbde1 elementor-section-boxed elementor-section-height-default elementor-section-height-default\" data-id=\"28bbde1\" data-element_type=\"section\" data-e-type=\"section\">\n\t\t\t\t\t\t<div class=\"elementor-container elementor-column-gap-default\">\n\t\t\t\t\t<div class=\"elementor-column elementor-col-100 elementor-top-column elementor-element elementor-element-c94b3f0\" data-id=\"c94b3f0\" data-element_type=\"column\" data-e-type=\"column\">\n\t\t\t<div class=\"elementor-widget-wrap elementor-element-populated\">\n\t\t\t\t\t\t<div class=\"elementor-element elementor-element-081c910 elementor-widget elementor-widget-spacer\" data-id=\"081c910\" data-element_type=\"widget\" data-e-type=\"widget\" data-widget_type=\"spacer.default\">\n\t\t\t\t<div class=\"elementor-widget-container\">\n\t\t\t\t\t\t\t<div class=\"elementor-spacer\">\n\t\t\t<div class=\"elementor-spacer-inner\"><\/div>\n\t\t<\/div>\n\t\t\t\t\t\t<\/div>\n\t\t\t\t<\/div>\n\t\t\t\t<div class=\"elementor-element elementor-element-2472437 elementor-widget elementor-widget-heading\" data-id=\"2472437\" data-element_type=\"widget\" data-e-type=\"widget\" data-widget_type=\"heading.default\">\n\t\t\t\t<div class=\"elementor-widget-container\">\n\t\t\t\t\t<h3 class=\"elementor-heading-title elementor-size-default\">Carte interactive Google Map<\/h3>\t\t\t\t<\/div>\n\t\t\t\t<\/div>\n\t\t\t\t<div class=\"elementor-element elementor-element-15166be elementor-widget elementor-widget-html\" data-id=\"15166be\" data-element_type=\"widget\" data-e-type=\"widget\" data-widget_type=\"html.default\">\n\t\t\t\t<div class=\"elementor-widget-container\">\n\t\t\t\t\t<iframe src=\"https:\/\/www.google.com\/maps\/d\/embed?mid=1x5N4JAxhQmpg7AVg4gFvv_R1P0EajZz4\" width=\"640\" height=\"480\"><\/iframe>\t\t\t\t<\/div>\n\t\t\t\t<\/div>\n\t\t\t\t\t<\/div>\n\t\t<\/div>\n\t\t\t\t\t<\/div>\n\t\t<\/section>\n\t\t\t\t<\/div>\n\t\t","protected":false},"excerpt":{"rendered":"<p>Horaire &#038; Informations Ecole \u00e0 la ferme des BoisSophie Boudry T\u00e9l\u00e9phone8h30-10h30 et 14h-17h30, svp+41 79 690 16 68 Messagerieinfo@ecolefermedesbois.ch Carte&#46;&#46;&#46;<\/p>\n","protected":false},"author":4,"featured_media":0,"parent":0,"menu_order":4,"comment_status":"closed","ping_status":"closed","template":"elementor_theme","meta":{"jetpack_post_was_ever_published":false,"footnotes":""},"class_list":["post-1556","page","type-page","status-publish","hentry"],"yoast_head":"<!-- This site is optimized with the Yoast SEO plugin v27.5 - https:\/\/yoast.com\/product\/yoast-seo-wordpress\/ -->\n<title>Contact -<\/title>\n<meta name=\"description\" content=\"L&#039;\u00e9cole \u00e0 la ferme des Bois, c&#039;est l&#039;exp\u00e9rience adapt\u00e9e \u00e0 vos \u00e9l\u00e8ves. Sophie vous accueille \u00e0 Ecoteaux avec des ateliers faits pour eux.\" \/>\n<meta name=\"robots\" content=\"index, follow, max-snippet:-1, max-image-preview:large, max-video-preview:-1\" \/>\n<link rel=\"canonical\" href=\"https:\/\/ecolefermedesbois.ch\/?page_id=1556\" \/>\n<meta property=\"og:locale\" content=\"fr_FR\" \/>\n<meta property=\"og:type\" content=\"article\" \/>\n<meta property=\"og:title\" content=\"Contact -\" \/>\n<meta property=\"og:description\" content=\"L&#039;\u00e9cole \u00e0 la ferme des Bois, c&#039;est l&#039;exp\u00e9rience adapt\u00e9e \u00e0 vos \u00e9l\u00e8ves. Sophie vous accueille \u00e0 Ecoteaux avec des ateliers faits pour eux.\" \/>\n<meta property=\"og:url\" content=\"https:\/\/ecolefermedesbois.ch\/?page_id=1556\" \/>\n<meta property=\"article:publisher\" content=\"https:\/\/www.facebook.com\/ecolefermedesBois\" \/>\n<meta property=\"article:modified_time\" content=\"2023-08-19T12:27:15+00:00\" \/>\n<meta property=\"og:image\" content=\"https:\/\/ecolefermedesbois.ch\/wp-content\/uploads\/2019\/04\/43250748_1817188191728615_3545422423979458560_o_1817188185061949.jpg\" \/>\n<meta name=\"twitter:card\" content=\"summary_large_image\" \/>\n<meta name=\"twitter:label1\" content=\"Dur\u00e9e de lecture estim\u00e9e\" \/>\n\t<meta name=\"twitter:data1\" content=\"1 minute\" \/>\n<script type=\"application\/ld+json\" class=\"yoast-schema-graph\">{\"@context\":\"https:\\\/\\\/schema.org\",\"@graph\":[{\"@type\":\"WebPage\",\"@id\":\"https:\\\/\\\/ecolefermedesbois.ch\\\/?page_id=1556\",\"url\":\"https:\\\/\\\/ecolefermedesbois.ch\\\/?page_id=1556\",\"name\":\"Contact -\",\"isPartOf\":{\"@id\":\"https:\\\/\\\/ecolefermedesbois.ch\\\/#website\"},\"primaryImageOfPage\":{\"@id\":\"https:\\\/\\\/ecolefermedesbois.ch\\\/?page_id=1556#primaryimage\"},\"image\":{\"@id\":\"https:\\\/\\\/ecolefermedesbois.ch\\\/?page_id=1556#primaryimage\"},\"thumbnailUrl\":\"https:\\\/\\\/ecolefermedesbois.ch\\\/wp-content\\\/uploads\\\/2019\\\/04\\\/43250748_1817188191728615_3545422423979458560_o_1817188185061949.jpg\",\"datePublished\":\"2019-05-04T15:28:51+00:00\",\"dateModified\":\"2023-08-19T12:27:15+00:00\",\"description\":\"L'\u00e9cole \u00e0 la ferme des Bois, c'est l'exp\u00e9rience adapt\u00e9e \u00e0 vos \u00e9l\u00e8ves. Sophie vous accueille \u00e0 Ecoteaux avec des ateliers faits pour eux.\",\"breadcrumb\":{\"@id\":\"https:\\\/\\\/ecolefermedesbois.ch\\\/?page_id=1556#breadcrumb\"},\"inLanguage\":\"fr-FR\",\"potentialAction\":[{\"@type\":\"ReadAction\",\"target\":[\"https:\\\/\\\/ecolefermedesbois.ch\\\/?page_id=1556\"]}]},{\"@type\":\"ImageObject\",\"inLanguage\":\"fr-FR\",\"@id\":\"https:\\\/\\\/ecolefermedesbois.ch\\\/?page_id=1556#primaryimage\",\"url\":\"https:\\\/\\\/i0.wp.com\\\/ecolefermedesbois.ch\\\/wp-content\\\/uploads\\\/2019\\\/04\\\/43250748_1817188191728615_3545422423979458560_o_1817188185061949.jpg?fit=900%2C1600&ssl=1\",\"contentUrl\":\"https:\\\/\\\/i0.wp.com\\\/ecolefermedesbois.ch\\\/wp-content\\\/uploads\\\/2019\\\/04\\\/43250748_1817188191728615_3545422423979458560_o_1817188185061949.jpg?fit=900%2C1600&ssl=1\",\"width\":900,\"height\":1600},{\"@type\":\"BreadcrumbList\",\"@id\":\"https:\\\/\\\/ecolefermedesbois.ch\\\/?page_id=1556#breadcrumb\",\"itemListElement\":[{\"@type\":\"ListItem\",\"position\":1,\"name\":\"Accueil\",\"item\":\"https:\\\/\\\/ecolefermedesbois.ch\\\/\"},{\"@type\":\"ListItem\",\"position\":2,\"name\":\"Contact\"}]},{\"@type\":\"WebSite\",\"@id\":\"https:\\\/\\\/ecolefermedesbois.ch\\\/#website\",\"url\":\"https:\\\/\\\/ecolefermedesbois.ch\\\/\",\"name\":\"ecolefermedesbois\",\"description\":\"\",\"publisher\":{\"@id\":\"https:\\\/\\\/ecolefermedesbois.ch\\\/#organization\"},\"potentialAction\":[{\"@type\":\"SearchAction\",\"target\":{\"@type\":\"EntryPoint\",\"urlTemplate\":\"https:\\\/\\\/ecolefermedesbois.ch\\\/?s={search_term_string}\"},\"query-input\":{\"@type\":\"PropertyValueSpecification\",\"valueRequired\":true,\"valueName\":\"search_term_string\"}}],\"inLanguage\":\"fr-FR\"},{\"@type\":\"Organization\",\"@id\":\"https:\\\/\\\/ecolefermedesbois.ch\\\/#organization\",\"name\":\"Ecole \u00e0 la Ferme des Bois\",\"url\":\"https:\\\/\\\/ecolefermedesbois.ch\\\/\",\"logo\":{\"@type\":\"ImageObject\",\"inLanguage\":\"fr-FR\",\"@id\":\"https:\\\/\\\/ecolefermedesbois.ch\\\/#\\\/schema\\\/logo\\\/image\\\/\",\"url\":\"https:\\\/\\\/ecolefermedesbois.ch\\\/wp-content\\\/uploads\\\/2019\\\/04\\\/logo-scaled.gif\",\"contentUrl\":\"https:\\\/\\\/ecolefermedesbois.ch\\\/wp-content\\\/uploads\\\/2019\\\/04\\\/logo-scaled.gif\",\"width\":2560,\"height\":608,\"caption\":\"Ecole \u00e0 la Ferme des Bois\"},\"image\":{\"@id\":\"https:\\\/\\\/ecolefermedesbois.ch\\\/#\\\/schema\\\/logo\\\/image\\\/\"},\"sameAs\":[\"https:\\\/\\\/www.facebook.com\\\/ecolefermedesBois\"]}]}<\/script>\n<!-- \/ Yoast SEO plugin. -->","yoast_head_json":{"title":"Contact -","description":"L'\u00e9cole \u00e0 la ferme des Bois, c'est l'exp\u00e9rience adapt\u00e9e \u00e0 vos \u00e9l\u00e8ves. Sophie vous accueille \u00e0 Ecoteaux avec des ateliers faits pour eux.","robots":{"index":"index","follow":"follow","max-snippet":"max-snippet:-1","max-image-preview":"max-image-preview:large","max-video-preview":"max-video-preview:-1"},"canonical":"https:\/\/ecolefermedesbois.ch\/?page_id=1556","og_locale":"fr_FR","og_type":"article","og_title":"Contact -","og_description":"L'\u00e9cole \u00e0 la ferme des Bois, c'est l'exp\u00e9rience adapt\u00e9e \u00e0 vos \u00e9l\u00e8ves. Sophie vous accueille \u00e0 Ecoteaux avec des ateliers faits pour eux.","og_url":"https:\/\/ecolefermedesbois.ch\/?page_id=1556","article_publisher":"https:\/\/www.facebook.com\/ecolefermedesBois","article_modified_time":"2023-08-19T12:27:15+00:00","og_image":[{"url":"https:\/\/ecolefermedesbois.ch\/wp-content\/uploads\/2019\/04\/43250748_1817188191728615_3545422423979458560_o_1817188185061949.jpg","type":"","width":"","height":""}],"twitter_card":"summary_large_image","twitter_misc":{"Dur\u00e9e de lecture estim\u00e9e":"1 minute"},"schema":{"@context":"https:\/\/schema.org","@graph":[{"@type":"WebPage","@id":"https:\/\/ecolefermedesbois.ch\/?page_id=1556","url":"https:\/\/ecolefermedesbois.ch\/?page_id=1556","name":"Contact -","isPartOf":{"@id":"https:\/\/ecolefermedesbois.ch\/#website"},"primaryImageOfPage":{"@id":"https:\/\/ecolefermedesbois.ch\/?page_id=1556#primaryimage"},"image":{"@id":"https:\/\/ecolefermedesbois.ch\/?page_id=1556#primaryimage"},"thumbnailUrl":"https:\/\/ecolefermedesbois.ch\/wp-content\/uploads\/2019\/04\/43250748_1817188191728615_3545422423979458560_o_1817188185061949.jpg","datePublished":"2019-05-04T15:28:51+00:00","dateModified":"2023-08-19T12:27:15+00:00","description":"L'\u00e9cole \u00e0 la ferme des Bois, c'est l'exp\u00e9rience adapt\u00e9e \u00e0 vos \u00e9l\u00e8ves. Sophie vous accueille \u00e0 Ecoteaux avec des ateliers faits pour eux.","breadcrumb":{"@id":"https:\/\/ecolefermedesbois.ch\/?page_id=1556#breadcrumb"},"inLanguage":"fr-FR","potentialAction":[{"@type":"ReadAction","target":["https:\/\/ecolefermedesbois.ch\/?page_id=1556"]}]},{"@type":"ImageObject","inLanguage":"fr-FR","@id":"https:\/\/ecolefermedesbois.ch\/?page_id=1556#primaryimage","url":"https:\/\/i0.wp.com\/ecolefermedesbois.ch\/wp-content\/uploads\/2019\/04\/43250748_1817188191728615_3545422423979458560_o_1817188185061949.jpg?fit=900%2C1600&ssl=1","contentUrl":"https:\/\/i0.wp.com\/ecolefermedesbois.ch\/wp-content\/uploads\/2019\/04\/43250748_1817188191728615_3545422423979458560_o_1817188185061949.jpg?fit=900%2C1600&ssl=1","width":900,"height":1600},{"@type":"BreadcrumbList","@id":"https:\/\/ecolefermedesbois.ch\/?page_id=1556#breadcrumb","itemListElement":[{"@type":"ListItem","position":1,"name":"Accueil","item":"https:\/\/ecolefermedesbois.ch\/"},{"@type":"ListItem","position":2,"name":"Contact"}]},{"@type":"WebSite","@id":"https:\/\/ecolefermedesbois.ch\/#website","url":"https:\/\/ecolefermedesbois.ch\/","name":"ecolefermedesbois","description":"","publisher":{"@id":"https:\/\/ecolefermedesbois.ch\/#organization"},"potentialAction":[{"@type":"SearchAction","target":{"@type":"EntryPoint","urlTemplate":"https:\/\/ecolefermedesbois.ch\/?s={search_term_string}"},"query-input":{"@type":"PropertyValueSpecification","valueRequired":true,"valueName":"search_term_string"}}],"inLanguage":"fr-FR"},{"@type":"Organization","@id":"https:\/\/ecolefermedesbois.ch\/#organization","name":"Ecole \u00e0 la Ferme des Bois","url":"https:\/\/ecolefermedesbois.ch\/","logo":{"@type":"ImageObject","inLanguage":"fr-FR","@id":"https:\/\/ecolefermedesbois.ch\/#\/schema\/logo\/image\/","url":"https:\/\/ecolefermedesbois.ch\/wp-content\/uploads\/2019\/04\/logo-scaled.gif","contentUrl":"https:\/\/ecolefermedesbois.ch\/wp-content\/uploads\/2019\/04\/logo-scaled.gif","width":2560,"height":608,"caption":"Ecole \u00e0 la Ferme des Bois"},"image":{"@id":"https:\/\/ecolefermedesbois.ch\/#\/schema\/logo\/image\/"},"sameAs":["https:\/\/www.facebook.com\/ecolefermedesBois"]}]}},"jetpack_sharing_enabled":true,"_links":{"self":[{"href":"https:\/\/ecolefermedesbois.ch\/index.php?rest_route=\/wp\/v2\/pages\/1556","targetHints":{"allow":["GET"]}}],"collection":[{"href":"https:\/\/ecolefermedesbois.ch\/index.php?rest_route=\/wp\/v2\/pages"}],"about":[{"href":"https:\/\/ecolefermedesbois.ch\/index.php?rest_route=\/wp\/v2\/types\/page"}],"author":[{"embeddable":true,"href":"https:\/\/ecolefermedesbois.ch\/index.php?rest_route=\/wp\/v2\/users\/4"}],"replies":[{"embeddable":true,"href":"https:\/\/ecolefermedesbois.ch\/index.php?rest_route=%2Fwp%2Fv2%2Fcomments&post=1556"}],"version-history":[{"count":33,"href":"https:\/\/ecolefermedesbois.ch\/index.php?rest_route=\/wp\/v2\/pages\/1556\/revisions"}],"predecessor-version":[{"id":11118,"href":"https:\/\/ecolefermedesbois.ch\/index.php?rest_route=\/wp\/v2\/pages\/1556\/revisions\/11118"}],"wp:attachment":[{"href":"https:\/\/ecolefermedesbois.ch\/index.php?rest_route=%2Fwp%2Fv2%2Fmedia&parent=1556"}],"curies":[{"name":"wp","href":"https:\/\/api.w.org\/{rel}","templated":true}]}}